{"id":84199,"date":"2025-11-06T10:33:27","date_gmt":"2025-11-06T09:33:27","guid":{"rendered":"https:\/\/beil-peine.de\/?page_id=84199"},"modified":"2025-11-06T10:41:26","modified_gmt":"2025-11-06T09:41:26","slug":"news-wjt","status":"publish","type":"page","link":"https:\/\/beil-peine.de\/en\/news-wjt\/","title":{"rendered":"News WJT"},"content":{"rendered":"<p><div class=\"fusion-fullwidth fullwidth-box fusion-builder-row-1 has-pattern-background has-mask-background fusion-parallax-none nonhundred-percent-fullwidth non-hundred-percent-height-scrolling fusion-equal-height-columns\" style=\"--awb-border-radius-top-left:0px;--awb-border-radius-top-right:0px;--awb-border-radius-bottom-right:0px;--awb-border-radius-bottom-left:0px;--awb-padding-top:0px;--awb-padding-right:0px;--awb-padding-bottom:0px;--awb-padding-left:0px;--awb-margin-top:0px;--awb-margin-bottom:0px;--awb-background-image:url(&quot;https:\/\/beil-peine.de\/wp-content\/uploads\/2020\/07\/Unser_Unternehmen_Header.jpg&quot;);--awb-background-size:cover;--awb-flex-wrap:wrap;\" ><div class=\"fusion-builder-row fusion-row\"><div class=\"fusion-layout-column fusion_builder_column fusion-builder-column-0 fusion_builder_column_1_6 1_6 fusion-one-sixth fusion-column-first\" style=\"--awb-bg-size:cover;width:16.6666666667%;width:calc(16.6666666667% - ( ( 4% ) * 0.166666666667 ) );margin-right: 4%;\"><div class=\"fusion-column-wrapper fusion-column-has-shadow fusion-flex-column-wrapper-legacy\"><div class=\"fusion-clearfix\"><\/div><\/div><\/div><div class=\"fusion-layout-column fusion_builder_column fusion-builder-column-1 fusion_builder_column_5_6 5_6 fusion-five-sixth fusion-column-last fusion-column-inner-bg-wrapper\" style=\"--awb-padding-top:0px;--awb-padding-right:0px;--awb-padding-bottom:0px;--awb-padding-left:0px;--awb-inner-bg-position:center center;--awb-inner-bg-size:cover;--awb-margin-bottom:0px;width:83.3333333333%;width:calc(83.3333333333% - ( ( 4% ) * 0.833333333333 ) );\"><span class=\"fusion-column-inner-bg hover-type-none\"><a class=\"fusion-column-anchor\" href=\"#current%20issues\"><span class=\"fusion-column-inner-bg-image\"><\/span><\/a><\/span><div class=\"fusion-column-wrapper fusion-column-has-shadow fusion-flex-column-wrapper-legacy\"><div class=\"fusion-column-content-centered\"><div class=\"fusion-column-content\"><div class=\"fusion-image-element fusion-image-align-left in-legacy-container\" style=\"text-align:left;--awb-caption-title-font-family:var(--h2_typography-font-family);--awb-caption-title-font-weight:var(--h2_typography-font-weight);--awb-caption-title-font-style:var(--h2_typography-font-style);--awb-caption-title-size:var(--h2_typography-font-size);--awb-caption-title-transform:var(--h2_typography-text-transform);--awb-caption-title-line-height:var(--h2_typography-line-height);--awb-caption-title-letter-spacing:var(--h2_typography-letter-spacing);\"><span class=\" fusion-imageframe imageframe-none imageframe-1 hover-type-none\" style=\"margin-right:25px;float:left;\"><img decoding=\"async\" width=\"1920\" height=\"1080\" title=\"BEI_Text_EN_Under_Unternehmen\" data-src=\"https:\/\/beil-peine.de\/wp-content\/uploads\/2020\/10\/BEI_Text_EN_Under_Unternehmen.png\" class=\"img-responsive wp-image-54268 lazyload\" data-srcset=\"https:\/\/beil-peine.de\/wp-content\/uploads\/2020\/10\/BEI_Text_EN_Under_Unternehmen-200x113.png 200w, https:\/\/beil-peine.de\/wp-content\/uploads\/2020\/10\/BEI_Text_EN_Under_Unternehmen-400x225.png 400w, https:\/\/beil-peine.de\/wp-content\/uploads\/2020\/10\/BEI_Text_EN_Under_Unternehmen-600x338.png 600w, https:\/\/beil-peine.de\/wp-content\/uploads\/2020\/10\/BEI_Text_EN_Under_Unternehmen-800x450.png 800w, https:\/\/beil-peine.de\/wp-content\/uploads\/2020\/10\/BEI_Text_EN_Under_Unternehmen-1200x675.png 1200w, https:\/\/beil-peine.de\/wp-content\/uploads\/2020\/10\/BEI_Text_EN_Under_Unternehmen.png 1920w\" data-sizes=\"(max-width: 800px) 100vw, 1200px\" alt=\"\" src=\"data:image\/svg+xml;base64,PHN2ZyB3aWR0aD0iMSIgaGVpZ2h0PSIxIiB4bWxucz0iaHR0cDovL3d3dy53My5vcmcvMjAwMC9zdmciPjwvc3ZnPg==\" style=\"--smush-placeholder-width: 1920px; --smush-placeholder-aspect-ratio: 1920\/1080;\"><\/span><\/div><\/div><\/div><div class=\"fusion-clearfix\"><\/div><\/div><\/div><\/div><\/div><div class=\"fusion-fullwidth fullwidth-box fusion-builder-row-2 has-pattern-background has-mask-background nonhundred-percent-fullwidth non-hundred-percent-height-scrolling\" style=\"--awb-border-radius-top-left:0px;--awb-border-radius-top-right:0px;--awb-border-radius-bottom-right:0px;--awb-border-radius-bottom-left:0px;--awb-padding-top:90px;--awb-padding-bottom:30px;--awb-flex-wrap:wrap;\" ><div class=\"fusion-builder-row fusion-row\"><div class=\"fusion-layout-column fusion_builder_column fusion-builder-column-2 fusion_builder_column_1_6 1_6 fusion-one-sixth fusion-column-first\" style=\"--awb-bg-blend:overlay;--awb-bg-size:cover;width:16.6666666667%;width:calc(16.6666666667% - ( ( 4% ) * 0.166666666667 ) );margin-right: 4%;\"><div class=\"fusion-column-wrapper fusion-flex-column-wrapper-legacy\"><div class=\"fusion-clearfix\"><\/div><\/div><\/div><div class=\"fusion-layout-column fusion_builder_column fusion-builder-column-3 fusion_builder_column_5_6 5_6 fusion-five-sixth fusion-column-last\" style=\"--awb-bg-size:cover;width:83.3333333333%;width:calc(83.3333333333% - ( ( 4% ) * 0.833333333333 ) );\"><div class=\"fusion-column-wrapper fusion-column-has-shadow fusion-flex-column-wrapper-legacy\"><div class=\"fusion-text fusion-text-1\"><h1>BEIL AND WILHELM JULIUS TEUFEL GMBH<\/h1>\n<\/div><div class=\"fusion-text fusion-text-2 fusion-text-no-margin\" style=\"--awb-margin-bottom:25px;\"><div class=\"page\" title=\"Page 6\">Since 1st of September 2025, BEIL Kunststoffproduktions- und Handelsgesellschaft mbH has become a sister company of Wilhelm Julius Teufel GmbH under one shared roof. With the acquisition of company shares by WJT Holding GmbH, Mr. Beil\u2019s succession has been handled with responsibility and foresight. A step marked by appreciation and trust.<span class=\"Apple-converted-space\">\u00a0<\/span><\/div>\n<div title=\"Page 6\"><\/div>\n<\/div><div class=\"fusion-image-element awb-imageframe-style awb-imageframe-style-below awb-imageframe-style-2 in-legacy-container\" style=\"--awb-caption-text-size:var(--awb-typography5-font-size);--awb-caption-text-transform:var(--awb-typography5-text-transform);--awb-caption-text-line-height:var(--awb-typography5-line-height);--awb-caption-text-letter-spacing:var(--awb-typography5-letter-spacing);--awb-caption-title-font-family:var(--awb-typography5-font-family);--awb-caption-title-font-weight:var(--awb-typography5-font-weight);--awb-caption-title-font-style:var(--awb-typography5-font-style);--awb-caption-title-size:var(--awb-typography5-font-size);--awb-caption-title-transform:var(--awb-typography5-text-transform);--awb-caption-title-line-height:var(--awb-typography5-line-height);--awb-caption-title-letter-spacing:var(--awb-typography5-letter-spacing);--awb-caption-text-font-family:var(--awb-typography5-font-family);--awb-caption-text-font-weight:var(--awb-typography5-font-weight);--awb-caption-text-font-style:var(--awb-typography5-font-style);\"><span class=\" fusion-imageframe imageframe-none imageframe-2 hover-type-none\"><img decoding=\"async\" width=\"2000\" height=\"1333\" alt=\"Volker Beil und Ralf Link bei der symbolischen Schl\u00fcssel\u00fcbergabe mit H\u00e4ndesch\u00fctteln im Unternehmen BEIL\" title=\"DSC05864\" data-src=\"https:\/\/beil-peine.de\/wp-content\/uploads\/2025\/11\/DSC05864.jpg\" class=\"img-responsive wp-image-84163 lazyload\" data-srcset=\"https:\/\/beil-peine.de\/wp-content\/uploads\/2025\/11\/DSC05864-200x133.jpg 200w, https:\/\/beil-peine.de\/wp-content\/uploads\/2025\/11\/DSC05864-400x267.jpg 400w, https:\/\/beil-peine.de\/wp-content\/uploads\/2025\/11\/DSC05864-600x400.jpg 600w, https:\/\/beil-peine.de\/wp-content\/uploads\/2025\/11\/DSC05864-800x533.jpg 800w, https:\/\/beil-peine.de\/wp-content\/uploads\/2025\/11\/DSC05864-1200x800.jpg 1200w, https:\/\/beil-peine.de\/wp-content\/uploads\/2025\/11\/DSC05864.jpg 2000w\" data-sizes=\"(max-width: 800px) 100vw, 1200px\" src=\"data:image\/svg+xml;base64,PHN2ZyB3aWR0aD0iMSIgaGVpZ2h0PSIxIiB4bWxucz0iaHR0cDovL3d3dy53My5vcmcvMjAwMC9zdmciPjwvc3ZnPg==\" style=\"--smush-placeholder-width: 2000px; --smush-placeholder-aspect-ratio: 2000\/1333;\" \/><\/span><div class=\"awb-imageframe-caption-container\"><div class=\"awb-imageframe-caption\"><h2 class=\"awb-imageframe-caption-title\"> <\/h2><p class=\"awb-imageframe-caption-text\">Volker Beil and Ralf Link at the symbolic key handover on August 29, 2025, in Peine<\/p><\/div><\/div><\/div><div class=\"fusion-clearfix\"><\/div><\/div><\/div><\/div><\/div><div class=\"fusion-fullwidth fullwidth-box fusion-builder-row-3 has-pattern-background has-mask-background nonhundred-percent-fullwidth non-hundred-percent-height-scrolling\" style=\"--awb-border-radius-top-left:0px;--awb-border-radius-top-right:0px;--awb-border-radius-bottom-right:0px;--awb-border-radius-bottom-left:0px;--awb-padding-top:10px;--awb-padding-bottom:90px;--awb-flex-wrap:wrap;\" ><div class=\"fusion-builder-row fusion-row\"><div class=\"fusion-layout-column fusion_builder_column fusion-builder-column-4 fusion_builder_column_1_6 1_6 fusion-one-sixth fusion-column-first\" style=\"--awb-bg-blend:overlay;--awb-bg-size:cover;width:16.6666666667%;width:calc(16.6666666667% - ( ( 4% + 4% ) * 0.166666666667 ) );margin-right: 4%;\"><div class=\"fusion-column-wrapper fusion-flex-column-wrapper-legacy\"><div class=\"fusion-clearfix\"><\/div><\/div><\/div><div class=\"fusion-layout-column fusion_builder_column fusion-builder-column-5 fusion_builder_column_2_3 2_3 fusion-two-third\" style=\"--awb-bg-size:cover;width:66.6666666667%;width:calc(66.6666666667% - ( ( 4% + 4% ) * 0.666666666667 ) );margin-right: 4%;\"><div class=\"fusion-column-wrapper fusion-column-has-shadow fusion-flex-column-wrapper-legacy\"><div class=\"fusion-text fusion-text-3\"><p><b>What is changing and what is staying the same:<span class=\"Apple-converted-space\">\u00a0<\/span><\/b><\/p>\n<p>Everything that defines BEIL shall remain: the company culture, the values, the team \u2014 and above all, the location in Peine and the product range. Naturally, we remain committed to our promise of quality, which will be a central part of our new shared identity, especially with WJT at our side.<br \/>\nWith potential for new room.<\/p>\n<p>As sister companies, BEIL and WJT will stand side by side; independent in their focus, united in their vision. The resulting synergies open up space for new opportunities: for innovative products, optimised processes and strong partnerships.<\/p>\n<p><b>In short:<span class=\"Apple-converted-space\">\u00a0<\/span><\/b><\/p>\n<p>A new chapter begins, written on familiar paper, with fresh ink and plenty of ideas. And if you are curious, feel free to ask. We look forward to the exchange!<\/p>\n<\/div><div class=\"fusion-clearfix\"><\/div><\/div><\/div><div class=\"fusion-layout-column fusion_builder_column fusion-builder-column-6 fusion_builder_column_1_6 1_6 fusion-one-sixth fusion-column-last\" style=\"--awb-bg-blend:overlay;--awb-bg-size:cover;width:16.6666666667%;width:calc(16.6666666667% - ( ( 4% + 4% ) * 0.166666666667 ) );\"><div class=\"fusion-column-wrapper fusion-flex-column-wrapper-legacy\"><div class=\"fusion-clearfix\"><\/div><\/div><\/div><\/div><\/div><div class=\"fusion-fullwidth fullwidth-box fusion-builder-row-4 nonhundred-percent-fullwidth non-hundred-percent-height-scrolling\" style=\"--awb-border-radius-top-left:0px;--awb-border-radius-top-right:0px;--awb-border-radius-bottom-right:0px;--awb-border-radius-bottom-left:0px;--awb-padding-top:30px;--awb-padding-bottom:30px;--awb-margin-top:0px;--awb-margin-bottom:0px;--awb-background-color:#b82284;--awb-flex-wrap:wrap;\" ><div class=\"fusion-builder-row fusion-row\"><div class=\"fusion-layout-column fusion_builder_column fusion-builder-column-7 fusion_builder_column_1_1 1_1 fusion-one-full fusion-column-first fusion-column-last\" style=\"--awb-bg-size:cover;\"><div class=\"fusion-column-wrapper fusion-column-has-shadow fusion-flex-column-wrapper-legacy\"><div class=\"fusion-image-element fusion-image-align-center in-legacy-container\" style=\"text-align:center;--awb-caption-title-font-family:var(--h2_typography-font-family);--awb-caption-title-font-weight:var(--h2_typography-font-weight);--awb-caption-title-font-style:var(--h2_typography-font-style);--awb-caption-title-size:var(--h2_typography-font-size);--awb-caption-title-transform:var(--h2_typography-text-transform);--awb-caption-title-line-height:var(--h2_typography-line-height);--awb-caption-title-letter-spacing:var(--h2_typography-letter-spacing);\"><div class=\"imageframe-align-center\"><span class=\" fusion-imageframe imageframe-none imageframe-3 hover-type-none\"><img decoding=\"async\" width=\"2409\" height=\"526\" title=\"Hinweis_Vertrieb_EN\" data-src=\"https:\/\/beil-peine.de\/wp-content\/uploads\/2020\/10\/Hinweis_Vertrieb_EN-1.png\" class=\"img-responsive wp-image-54256 lazyload\" data-srcset=\"https:\/\/beil-peine.de\/wp-content\/uploads\/2020\/10\/Hinweis_Vertrieb_EN-1-200x44.png 200w, https:\/\/beil-peine.de\/wp-content\/uploads\/2020\/10\/Hinweis_Vertrieb_EN-1-400x87.png 400w, https:\/\/beil-peine.de\/wp-content\/uploads\/2020\/10\/Hinweis_Vertrieb_EN-1-600x131.png 600w, https:\/\/beil-peine.de\/wp-content\/uploads\/2020\/10\/Hinweis_Vertrieb_EN-1-800x175.png 800w, https:\/\/beil-peine.de\/wp-content\/uploads\/2020\/10\/Hinweis_Vertrieb_EN-1-1200x262.png 1200w, https:\/\/beil-peine.de\/wp-content\/uploads\/2020\/10\/Hinweis_Vertrieb_EN-1.png 2409w\" data-sizes=\"(max-width: 800px) 100vw, 1200px\" alt=\"\" src=\"data:image\/svg+xml;base64,PHN2ZyB3aWR0aD0iMSIgaGVpZ2h0PSIxIiB4bWxucz0iaHR0cDovL3d3dy53My5vcmcvMjAwMC9zdmciPjwvc3ZnPg==\" style=\"--smush-placeholder-width: 2409px; --smush-placeholder-aspect-ratio: 2409\/526;\"><\/span><\/div><\/div><div class=\"fusion-clearfix\"><\/div><\/div><\/div><\/div><\/div><\/p>\n","protected":false},"excerpt":{"rendered":"","protected":false},"author":11,"featured_media":0,"parent":0,"menu_order":20,"comment_status":"closed","ping_status":"closed","template":"100-width.php","meta":{"_acf_changed":false,"footnotes":""},"class_list":["post-84199","page","type-page","status-publish","hentry"],"acf":[],"_links":{"self":[{"href":"https:\/\/beil-peine.de\/en\/wp-json\/wp\/v2\/pages\/84199","targetHints":{"allow":["GET"]}}],"collection":[{"href":"https:\/\/beil-peine.de\/en\/wp-json\/wp\/v2\/pages"}],"about":[{"href":"https:\/\/beil-peine.de\/en\/wp-json\/wp\/v2\/types\/page"}],"author":[{"embeddable":true,"href":"https:\/\/beil-peine.de\/en\/wp-json\/wp\/v2\/users\/11"}],"replies":[{"embeddable":true,"href":"https:\/\/beil-peine.de\/en\/wp-json\/wp\/v2\/comments?post=84199"}],"version-history":[{"count":0,"href":"https:\/\/beil-peine.de\/en\/wp-json\/wp\/v2\/pages\/84199\/revisions"}],"wp:attachment":[{"href":"https:\/\/beil-peine.de\/en\/wp-json\/wp\/v2\/media?parent=84199"}],"curies":[{"name":"wp","href":"https:\/\/api.w.org\/{rel}","templated":true}]}}